{"id":30,"date":"2014-10-16T12:49:55","date_gmt":"2014-10-16T12:49:55","guid":{"rendered":"http:\/\/themes.muffingroup.com\/be\/landing\/?page_id=2"},"modified":"2026-09-01T16:46:38","modified_gmt":"2026-09-01T16:46:38","slug":"home","status":"publish","type":"page","link":"https:\/\/www.perkel.com.pe\/portal\/","title":{"rendered":"Inicio"},"content":{"rendered":"<div class=\"wpb-content-wrapper\"><p>[vc_row full_width=\u00bbstretch_row\u00bb css_animation=\u00bbnone\u00bb css=\u00bb.vc_custom_1787938742343{background-color: #FFFFFF !important;background-position: center !important;background-repeat: no-repeat !important;background-size: cover !important;}\u00bb][vc_column css_animation=\u00bbfadeInUp\u00bb][vc_row_inner][vc_column_inner][vc_column_text css=\u00bb\u00bb]<\/p>\n<div style=\"position: relative; display: flex; flex-direction: column; justify-content: center; padding: 60px 0px; max-width: 685px; min-height: 700px;\">\n<h1 class=\"hero-title\" style=\"font-size: 48px; line-height: 1.15; color: #ffffff; font-weight: 800; margin: 0 0 20px 0; text-shadow: 0 2px 8px rgba(0,0,0,0.3);\">Especialistas en Transporte Internacional.<\/h1>\n<p style=\"font-size: 16px; line-height: 1.6; color: #f2f2f2; margin: 0 0 32px 0; max-width: 720px; text-shadow: 0 1px 4px rgba(0,0,0,0.3);\">Transportamos tu carga de importaci\u00f3n y\/o exportaci\u00f3n v\u00eda modalidad terrestre, a\u00e9rea o mar\u00edtima desde o hasta cualquier parte del mundo, ofreciendo las mejores tarifas log\u00edsticas.<\/p>\n<div style=\"display: flex; flex-wrap: wrap; gap: 16px;\"><a class=\"btn-primary\" style=\"display: inline-block; background-color: #2ea3e8; color: #ffffff; font-weight: bold; font-size: 16px; padding: 18px 32px; text-decoration: none;\" href=\"https:\/\/www.perkel.com.pe\/portal\/contacto\/\">Solicitar Cotizaci\u00f3n<\/a><a class=\"btn-secondary\" style=\"display: inline-block; background-color: rgba(255,255,255,0.15); color: #ffffff; font-weight: bold; font-size: 16px; padding: 18px 32px; text-decoration: none; border: 1px solid rgba(255,255,255,0.4);\" href=\"https:\/\/www.perkel.com.pe\/portal\/servicios\/\">Ver Servicios<\/a><\/div>\n<\/div>\n<p>[\/vc_column_text][\/vc_column_inner][\/vc_row_inner][\/vc_column][\/vc_row][vc_row full_width=\u00bbstretch_row\u00bb css_animation=\u00bbnone\u00bb css=\u00bb.vc_custom_1784740609610{background-color: #FFFFFF !important;background-position: center !important;background-repeat: no-repeat !important;background-size: cover !important;}\u00bb][vc_column css_animation=\u00bbfadeInUp\u00bb][vc_row_inner][vc_column_inner][vc_column_text css=\u00bb\u00bb]<\/p>\n<div class=\"perkel-section\">\n<div class=\"perkel-grid\">\n<div class=\"perkel-col perkel-col-up\"><img decoding=\"async\" class=\"perkel-img\" src=\"https:\/\/www.perkel.com.pe\/portal\/wp-content\/uploads\/2026\/08\/Rectangle-13.png\" alt=\"Barco de carga internacional\" \/><br \/>\n<img decoding=\"async\" class=\"perkel-img\" src=\"https:\/\/www.perkel.com.pe\/portal\/wp-content\/uploads\/2026\/08\/Rectangle-15.png\" alt=\"Operador con montacargas\" \/><\/div>\n<div class=\"perkel-col perkel-col-down\"><img decoding=\"async\" class=\"perkel-img\" src=\"https:\/\/www.perkel.com.pe\/portal\/wp-content\/uploads\/2026\/08\/Rectangle-14.png\" alt=\"Trabajador en log\u00edstica\" \/><br \/>\n<img decoding=\"async\" class=\"perkel-img\" src=\"https:\/\/www.perkel.com.pe\/portal\/wp-content\/uploads\/2026\/08\/Rectangle-16.png\" alt=\"Contenedores de carga\" \/><\/div>\n<div class=\"perkel-badge\">\n<div class=\"perkel-badge-title\">9+ A\u00f1os<\/div>\n<div class=\"perkel-badge-sub\">Liderando el mercado<\/div>\n<\/div>\n<\/div>\n<div class=\"perkel-text\">\n<div class=\"perkel-label\">Sobre Nosotros<\/div>\n<h2 class=\"perkel-title\">Somos Perkel Cargo<\/h2>\n<div class=\"perkel-divider\"><\/div>\n<p class=\"perkel-p\">Somos una agencia de carga internacional que se encuentra asociada a la C\u00e1mara de Comercio de Lima \u2013 CCL, especializada y con amplia experiencia en operaciones de comercio exterior.<\/p>\n<p class=\"perkel-p\">Entendemos y comprendemos la importancia de que un proceso de importaci\u00f3n o exportaci\u00f3n sea fluido y eficiente, por ello nuestro compromiso con nuestros clientes, es proporcionarles soluciones integrales y personalizadas que se adapten a sus necesidades espec\u00edficas.<\/p>\n<\/div>\n<\/div>\n<p>[\/vc_column_text][\/vc_column_inner][\/vc_row_inner][\/vc_column][\/vc_row][vc_row full_width=\u00bbstretch_row_content_no_spaces\u00bb css_animation=\u00bbnone\u00bb css=\u00bb.vc_custom_1787852730544{background-color: #FFFFFF !important;background-position: center !important;background-repeat: no-repeat !important;background-size: cover !important;}\u00bb][vc_column css_animation=\u00bbfadeInUp\u00bb][vc_row_inner][vc_column_inner][vc_column_text css=\u00bb\u00bb]<\/p>\n<div style=\"display: flex; flex-wrap: wrap; width: 100%;\">\n<div class=\"stat-box\" style=\"flex: 1 1 250px; padding: 40px 20px; text-align: center; background-color: #2196f3; transition: filter 0.3s ease, transform 0.3s ease;\">\n<div style=\"margin-bottom: 14px;\"><img decoding=\"async\" style=\"width: 40px; height: 40px; display: inline-block;\" src=\"https:\/\/www.perkel.com.pe\/portal\/wp-content\/uploads\/2026\/08\/apreton-de-manos-2.png\" alt=\"Operaciones realizadas\" \/><\/div>\n<div class=\"stat-number\" style=\"font-size: 34px; font-weight: 800; color: #ffffff; line-height: 1.1; margin-bottom: 8px;\" data-target=\"2000\">0<\/div>\n<div style=\"font-size: 16px; color: #e8f1fb;\">Operaciones Realizadas<\/div>\n<\/div>\n<div class=\"stat-box\" style=\"flex: 1 1 250px; padding: 40px 20px; text-align: center; background-color: #1e7fd6; transition: filter 0.3s ease, transform 0.3s ease;\">\n<div style=\"margin-bottom: 14px;\"><img decoding=\"async\" style=\"width: 40px; height: 40px; display: inline-block;\" src=\"https:\/\/www.perkel.com.pe\/portal\/wp-content\/uploads\/2026\/08\/personas.png\" alt=\"Clientes atendidos\" \/><\/div>\n<div class=\"stat-number\" style=\"font-size: 34px; font-weight: 800; color: #ffffff; line-height: 1.1; margin-bottom: 8px;\" data-target=\"500\">0<\/div>\n<div style=\"font-size: 16px; color: #e8f1fb;\">Clientes Atendidos<\/div>\n<\/div>\n<div class=\"stat-box\" style=\"flex: 1 1 250px; padding: 40px 20px; text-align: center; background-color: #0d63b8; transition: filter 0.3s ease, transform 0.3s ease;\">\n<div style=\"margin-bottom: 14px;\"><img decoding=\"async\" style=\"width: 40px; height: 40px; display: inline-block;\" src=\"https:\/\/www.perkel.com.pe\/portal\/wp-content\/uploads\/2026\/08\/calendario-1.png\" alt=\"A\u00f1os de experiencia\" \/><\/div>\n<div class=\"stat-number\" style=\"font-size: 34px; font-weight: 800; color: #ffffff; line-height: 1.1; margin-bottom: 8px;\" data-target=\"9\" data-suffix=\" a\u00f1os\">0<\/div>\n<div style=\"font-size: 16px; color: #e8f1fb;\">De Experiencia<\/div>\n<\/div>\n<div class=\"stat-box\" style=\"flex: 1 1 250px; padding: 40px 20px; text-align: center; background-color: #08477f; transition: filter 0.3s ease, transform 0.3s ease;\">\n<div style=\"margin-bottom: 14px;\"><img decoding=\"async\" style=\"width: 40px; height: 40px; display: inline-block;\" src=\"https:\/\/www.perkel.com.pe\/portal\/wp-content\/uploads\/2026\/08\/envio-al-mundo-entero.png\" alt=\"Contenedores transportados\" \/><\/div>\n<div class=\"stat-number\" style=\"font-size: 34px; font-weight: 800; color: #ffffff; line-height: 1.1; margin-bottom: 8px;\" data-target=\"600\">0<\/div>\n<div style=\"font-size: 16px; color: #e8f1fb;\">Contenedores Transportados<\/div>\n<\/div>\n<\/div>\n<p>[\/vc_column_text][\/vc_column_inner][\/vc_row_inner][\/vc_column][\/vc_row][vc_row full_width=\u00bbstretch_row\u00bb css_animation=\u00bbnone\u00bb css=\u00bb.vc_custom_1784740609610{background-color: #FFFFFF !important;background-position: center !important;background-repeat: no-repeat !important;background-size: cover !important;}\u00bb][vc_column css_animation=\u00bbfadeInUp\u00bb][vc_row_inner][vc_column_inner][vc_column_text css=\u00bb\u00bb]<\/p>\n<div style=\"padding: 80px 0px;\">\n<div style=\"margin: 0 auto; text-align: center;\">\n<h2 style=\"font-size: 34px; font-weight: 800; color: #0d63b8; margin: 0 0 12px 0;\">Nuestros Servicios Integrales<\/h2>\n<p style=\"font-size: 16px; color: #555555; margin: 0 0 40px 0;\">Soluciones log\u00edsticas dise\u00f1adas para potenciar su negocio en el mercado global.<\/p>\n<div class=\"services-grid\" style=\"display: grid; grid-template-columns: repeat(3, 1fr); gap: 20px;\">\n<div class=\"service-card\" style=\"background: #ffffff; border: 1px solid #e8edf1; border-radius: 12px; padding: 36px 24px; text-align: center; position: relative; overflow: hidden;\" data-url=\"\/portal\/agenciamiento-de-aduanas\/\">\n<div class=\"service-icon-wrap\" style=\"width: 80px; height: 80px; background: #eef4fa; border-radius: 14px; display: flex; align-items: center; justify-content: center; margin: 0 auto 18px auto;\"><img decoding=\"async\" style=\"width: 50px; height: 50px;\" src=\"https:\/\/www.perkel.com.pe\/portal\/wp-content\/uploads\/2026\/08\/agenda.png\" alt=\"Agenciamiento de aduanas\" \/><\/div>\n<div style=\"font-size: 16px; font-weight: bold; color: #0d3a66; margin-bottom: 10px; line-height: 1.3;\">Agenciamiento<br \/>\nde aduanas<\/div>\n<div style=\"font-size: 16px; color: #666666; line-height: 1.5;\">Tr\u00e1mites \u00e1giles y precisos para su mercader\u00eda.<\/div>\n<\/div>\n<div class=\"service-card\" style=\"background: #ffffff; border: 1px solid #e8edf1; border-radius: 12px; padding: 36px 24px; text-align: center; position: relative; overflow: hidden;\" data-url=\"\/portal\/carga-internacional\/\">\n<div class=\"service-icon-wrap\" style=\"width: 80px; height: 80px; background: #eef4fa; border-radius: 14px; display: flex; align-items: center; justify-content: center; margin: 0 auto 18px auto;\"><img decoding=\"async\" style=\"width: 50px; height: 50px;\" src=\"https:\/\/www.perkel.com.pe\/portal\/wp-content\/uploads\/2026\/08\/tierra.png\" alt=\"Carga Internacional\" \/><\/div>\n<div style=\"font-size: 16px; font-weight: bold; color: #0d3a66; margin-bottom: 10px; line-height: 1.3;\">Carga<br \/>\nInternacional<\/div>\n<div style=\"font-size: 16px; color: #666666; line-height: 1.5;\">Conexiones globales para sus env\u00edos a\u00e9reos y mar\u00edtimos.<\/div>\n<\/div>\n<div class=\"service-card\" style=\"background: #ffffff; border: 1px solid #e8edf1; border-radius: 12px; padding: 36px 24px; text-align: center; position: relative; overflow: hidden;\" data-url=\"\/portal\/transporte-terrestre-local\/\">\n<div class=\"service-icon-wrap\" style=\"width: 80px; height: 80px; background: #eef4fa; border-radius: 14px; display: flex; align-items: center; justify-content: center; margin: 0 auto 18px auto;\"><img decoding=\"async\" style=\"width: 50px; height: 50px;\" src=\"https:\/\/www.perkel.com.pe\/portal\/wp-content\/uploads\/2026\/08\/camion.png\" alt=\"Transporte terrestre local\" \/><\/div>\n<div style=\"font-size: 16px; font-weight: bold; color: #0d3a66; margin-bottom: 10px; line-height: 1.3;\">Transporte<br \/>\nterrestre local<\/div>\n<div style=\"font-size: 16px; color: #666666; line-height: 1.5;\">Distribuci\u00f3n eficiente de \u00faltima milla.<\/div>\n<\/div>\n<div class=\"service-card\" style=\"background: #ffffff; border: 1px solid #e8edf1; border-radius: 12px; padding: 36px 24px; text-align: center; position: relative; overflow: hidden;\" data-url=\"\/portal\/seguro-de-carga\/\">\n<div class=\"service-icon-wrap\" style=\"width: 80px; height: 80px; background: #eef4fa; border-radius: 14px; display: flex; align-items: center; justify-content: center; margin: 0 auto 18px auto;\"><img decoding=\"async\" style=\"width: 50px; height: 50px;\" src=\"https:\/\/www.perkel.com.pe\/portal\/wp-content\/uploads\/2026\/08\/proteger-1.png\" alt=\"Seguro de carga\" \/><\/div>\n<div style=\"font-size: 16px; font-weight: bold; color: #0d3a66; margin-bottom: 10px; line-height: 1.3;\">Seguro de<br \/>\ncarga<\/div>\n<div style=\"font-size: 16px; color: #666666; line-height: 1.5;\">Protecci\u00f3n total contra riesgos log\u00edsticos.<\/div>\n<\/div>\n<div class=\"service-card\" style=\"background: #ffffff; border: 1px solid #e8edf1; border-radius: 12px; padding: 36px 24px; text-align: center; position: relative; overflow: hidden;\" data-url=\"\/portal\/almacen-simple\/\">\n<div class=\"service-icon-wrap\" style=\"width: 80px; height: 80px; background: #eef4fa; border-radius: 14px; display: flex; align-items: center; justify-content: center; margin: 0 auto 18px auto;\"><img decoding=\"async\" style=\"width: 50px; height: 50px;\" src=\"https:\/\/www.perkel.com.pe\/portal\/wp-content\/uploads\/2026\/08\/almacen.png\" alt=\"Almac\u00e9n simple\" \/><\/div>\n<div style=\"font-size: 16px; font-weight: bold; color: #0d3a66; margin-bottom: 10px; line-height: 1.3;\">Almac\u00e9n<br \/>\nsimple<\/div>\n<div style=\"font-size: 16px; color: #666666; line-height: 1.5;\">Espacios seguros para su inventario.<\/div>\n<\/div>\n<div class=\"service-card\" style=\"background: #ffffff; border: 1px solid #e8edf1; border-radius: 12px; padding: 36px 24px; text-align: center; position: relative; overflow: hidden;\" data-url=\"\/portal\/asesoria-y-consultoria-personalizada\/\">\n<div class=\"service-icon-wrap\" style=\"width: 80px; height: 80px; background: #eef4fa; border-radius: 14px; display: flex; align-items: center; justify-content: center; margin: 0 auto 18px auto;\"><img decoding=\"async\" style=\"width: 50px; height: 50px;\" src=\"https:\/\/www.perkel.com.pe\/portal\/wp-content\/uploads\/2026\/08\/operador-1.png\" alt=\"Asesor\u00eda y consultor\u00eda personalizada\" \/><\/div>\n<div style=\"font-size: 16px; font-weight: bold; color: #0d3a66; margin-bottom: 10px; line-height: 1.3;\">Asesor\u00eda y consultor\u00eda<br \/>\npersonalizada<\/div>\n<div style=\"font-size: 16px; color: #666666; line-height: 1.5;\">Orientaci\u00f3n experta adaptada a su operaci\u00f3n log\u00edstica.<\/div>\n<\/div>\n<\/div>\n<\/div>\n<\/div>\n<p>[\/vc_column_text][\/vc_column_inner][\/vc_row_inner][\/vc_column][\/vc_row][vc_row full_width=\u00bbstretch_row\u00bb css_animation=\u00bbnone\u00bb css=\u00bb.vc_custom_1787937168779{background-color: #FFFFFF !important;background-position: center !important;background-repeat: no-repeat !important;background-size: cover !important;}\u00bb][vc_column css_animation=\u00bbfadeInUp\u00bb][vc_row_inner][vc_column_inner][vc_column_text css=\u00bb\u00bb]<\/p>\n<div style=\"padding: 80px 0px; text-align: center;\">\n<div style=\"max-width: 700px; margin: 0 auto 40px auto;\">\n<div style=\"font-size: 16px; font-weight: bold; color: #2ea3e8; letter-spacing: 1px; text-transform: uppercase; margin-bottom: 10px;\">Presencia Global<\/div>\n<h2 style=\"font-size: 34px; font-weight: 800; color: #0d3a66; margin: 0 0 16px 0;\">Llegamos a donde su negocio necesite<\/h2>\n<p style=\"font-size: 16px; line-height: 1.7; color: #555555; margin: 0;\">Contamos con la capacidad y profesionalismo de movilizar tus Cargas A\u00e9reas y Mar\u00edtimas con eficiencia, seguridad y rapidez; desde y hacia <strong style=\"color: #0d63b8;\">27 pa\u00edses<\/strong>.<\/p>\n<\/div>\n<div style=\"display: flex; flex-wrap: wrap; justify-content: center; gap: 16px; max-width: 800px; margin: 0 auto;\">\n<div class=\"flag-box\"><img decoding=\"async\" style=\"width: 100%; height: 100%; object-fit: cover; display: block;\" src=\"https:\/\/www.perkel.com.pe\/portal\/wp-content\/uploads\/2026\/08\/image-2-3.png\" alt=\"Bandera 1\" \/><\/div>\n<div class=\"flag-box\"><img decoding=\"async\" style=\"width: 100%; height: 100%; object-fit: cover; display: block;\" src=\"https:\/\/www.perkel.com.pe\/portal\/wp-content\/uploads\/2026\/08\/image-3-2.png\" alt=\"Bandera 2\" \/><\/div>\n<div class=\"flag-box\"><img decoding=\"async\" style=\"width: 100%; height: 100%; object-fit: cover; display: block;\" src=\"https:\/\/www.perkel.com.pe\/portal\/wp-content\/uploads\/2026\/08\/image-15-1.png\" alt=\"Bandera 3\" \/><\/div>\n<div class=\"flag-box\"><img decoding=\"async\" style=\"width: 100%; height: 100%; object-fit: cover; display: block;\" src=\"https:\/\/www.perkel.com.pe\/portal\/wp-content\/uploads\/2026\/08\/image-14-1.png\" alt=\"Bandera 4\" \/><\/div>\n<div class=\"flag-box\"><img decoding=\"async\" style=\"width: 100%; height: 100%; object-fit: cover; display: block;\" src=\"https:\/\/www.perkel.com.pe\/portal\/wp-content\/uploads\/2026\/08\/image-12-1.png\" alt=\"Bandera 5\" \/><\/div>\n<div class=\"flag-box\"><img decoding=\"async\" style=\"width: 100%; height: 100%; object-fit: cover; display: block;\" src=\"https:\/\/www.perkel.com.pe\/portal\/wp-content\/uploads\/2026\/08\/image-9.png\" alt=\"Bandera 6\" \/><\/div>\n<div class=\"flag-box\"><img decoding=\"async\" style=\"width: 100%; height: 100%; object-fit: cover; display: block;\" src=\"https:\/\/www.perkel.com.pe\/portal\/wp-content\/uploads\/2026\/08\/image-4-1.png\" alt=\"Bandera 7\" \/><\/div>\n<div class=\"flag-box\"><img decoding=\"async\" style=\"width: 100%; height: 100%; object-fit: cover; display: block;\" src=\"https:\/\/www.perkel.com.pe\/portal\/wp-content\/uploads\/2026\/08\/image-11.png\" alt=\"Bandera 8\" \/><\/div>\n<div class=\"flag-box\"><img decoding=\"async\" style=\"width: 100%; height: 100%; object-fit: cover; display: block;\" src=\"https:\/\/www.perkel.com.pe\/portal\/wp-content\/uploads\/2026\/08\/image-7.png\" alt=\"Bandera 9\" \/><\/div>\n<div class=\"flag-box\"><img decoding=\"async\" style=\"width: 100%; height: 100%; object-fit: cover; display: block;\" src=\"https:\/\/www.perkel.com.pe\/portal\/wp-content\/uploads\/2026\/08\/image-8.png\" alt=\"Bandera 10\" \/><\/div>\n<div class=\"flag-box\"><img decoding=\"async\" style=\"width: 100%; height: 100%; object-fit: cover; display: block;\" src=\"https:\/\/www.perkel.com.pe\/portal\/wp-content\/uploads\/2026\/08\/image-10.png\" alt=\"Bandera 11\" \/><\/div>\n<div class=\"flag-box\"><img decoding=\"async\" style=\"width: 100%; height: 100%; object-fit: cover; display: block;\" src=\"https:\/\/www.perkel.com.pe\/portal\/wp-content\/uploads\/2026\/08\/image-13-1.png\" alt=\"Bandera 12\" \/><\/div>\n<div class=\"flag-box\"><img decoding=\"async\" style=\"width: 100%; height: 100%; object-fit: cover; display: block;\" src=\"https:\/\/www.perkel.com.pe\/portal\/wp-content\/uploads\/2026\/08\/image-6-3.png\" alt=\"Bandera 13\" \/><\/div>\n<div class=\"flag-box\"><img decoding=\"async\" style=\"width: 100%; height: 100%; object-fit: cover; display: block;\" src=\"https:\/\/www.perkel.com.pe\/portal\/wp-content\/uploads\/2026\/08\/image-5-3.png\" alt=\"Bandera 14\" \/><\/div>\n<\/div>\n<\/div>\n<p>[\/vc_column_text][\/vc_column_inner][\/vc_row_inner][\/vc_column][\/vc_row][vc_row full_width=\u00bbstretch_row\u00bb css=\u00bb.vc_custom_1787841660136{background-color: #0162AC !important;}\u00bb][vc_column][vc_row_inner][vc_column_inner][vc_column_text css=\u00bb\u00bb]<\/p>\n<div style=\"padding: 80px 0px; text-align: center;\">\n<h2 style=\"font-size: 30px; font-weight: 800; color: #ffffff; margin: 0 0 16px 0;\">\u00bfListo para optimizar su log\u00edstica?<\/h2>\n<p style=\"font-size: 15px; line-height: 1.6; color: #d9e8f7; margin: 0 0 32px 0; max-width: 560px; margin-left: auto; margin-right: auto;\">Cont\u00e1ctenos hoy mismo y reciba una cotizaci\u00f3n personalizada ajustada a las necesidades reales de su carga.<\/p>\n<p><a class=\"cta-btn\" style=\"display: inline-block; background-color: transparent; color: #ffffff; font-weight: bold; font-size: 16px; padding: 16px 40px; border-radius: 8px; text-decoration: none; border: 2px solid #ffffff;\" href=\"https:\/\/www.perkel.com.pe\/portal\/contacto\/\">Cotizar Ahora<\/a><\/p>\n<\/div>\n<p>[\/vc_column_text][\/vc_column_inner][\/vc_row_inner][\/vc_column][\/vc_row]<\/p>\n<\/div>","protected":false},"excerpt":{"rendered":"<p>[vc_row full_width=\u00bbstretch_row\u00bb css_animation=\u00bbnone\u00bb css=\u00bb.vc_custom_1787938742343{background-color: #FFFFFF !important;background-position: center !important;background-repeat: no-repeat !important;background-size: cover !important;}\u00bb][vc_column css_animation=\u00bbfadeInUp\u00bb][vc_row_inner][vc_column_inner][vc_column_text css=\u00bb\u00bb]<span class=\"excerpt-hellip\"> [\u2026]<\/span><\/p>\n","protected":false},"author":1,"featured_media":-1,"parent":0,"menu_order":0,"comment_status":"open","ping_status":"closed","template":"","meta":{"footnotes":""},"class_list":["post-30","page","type-page","status-publish","has-post-thumbnail","hentry"],"rttpg_featured_image_url":null,"rttpg_author":{"display_name":"control","author_link":"https:\/\/www.perkel.com.pe\/portal\/author\/control\/"},"rttpg_comment":0,"rttpg_category":null,"rttpg_excerpt":"[vc_row full_width=\u00bbstretch_row\u00bb css_animation=\u00bbnone\u00bb css=\u00bb.vc_custom_1787938742343{background-color: #FFFFFF !important;background-position: center !important;background-repeat: no-repeat !important;background-size: cover !important;}\u00bb][vc_column css_animation=\u00bbfadeInUp\u00bb][vc_row_inner][vc_column_inner][vc_column_text css=\u00bb\u00bb] [\u2026]","_links":{"self":[{"href":"https:\/\/www.perkel.com.pe\/portal\/wp-json\/wp\/v2\/pages\/30","targetHints":{"allow":["GET"]}}],"collection":[{"href":"https:\/\/www.perkel.com.pe\/portal\/wp-json\/wp\/v2\/pages"}],"about":[{"href":"https:\/\/www.perkel.com.pe\/portal\/wp-json\/wp\/v2\/types\/page"}],"author":[{"embeddable":true,"href":"https:\/\/www.perkel.com.pe\/portal\/wp-json\/wp\/v2\/users\/1"}],"replies":[{"embeddable":true,"href":"https:\/\/www.perkel.com.pe\/portal\/wp-json\/wp\/v2\/comments?post=30"}],"version-history":[{"count":161,"href":"https:\/\/www.perkel.com.pe\/portal\/wp-json\/wp\/v2\/pages\/30\/revisions"}],"predecessor-version":[{"id":4095,"href":"https:\/\/www.perkel.com.pe\/portal\/wp-json\/wp\/v2\/pages\/30\/revisions\/4095"}],"wp:featuredmedia":[{"embeddable":true,"href":"https:\/\/www.perkel.com.pe\/portal\/wp-json\/"}],"wp:attachment":[{"href":"https:\/\/www.perkel.com.pe\/portal\/wp-json\/wp\/v2\/media?parent=30"}],"curies":[{"name":"wp","href":"https:\/\/api.w.org\/{rel}","templated":true}]}}