{"id":2890,"date":"2026-07-06T13:06:18","date_gmt":"2026-07-06T13:06:18","guid":{"rendered":"https:\/\/www.avadtar.net.pe\/proyectos\/viamerica\/?page_id=2890"},"modified":"2026-09-01T16:47:58","modified_gmt":"2026-09-01T16:47:58","slug":"servicios","status":"publish","type":"page","link":"https:\/\/www.perkel.com.pe\/portal\/servicios\/","title":{"rendered":"Servicios"},"content":{"rendered":"<div class=\"wpb-content-wrapper\"><p>[vc_row full_width=\u00bbstretch_row\u00bb css=\u00bb.vc_custom_1787926981252{background-image: url(https:\/\/www.perkel.com.pe\/portal\/wp-content\/uploads\/2026\/08\/Container-3.png?id=3895) !important;background-position: center !important;background-repeat: no-repeat !important;background-size: cover !important;}\u00bb][vc_column][vc_column_text css=\u00bb\u00bb]<\/p>\n<div style=\"position: relative; z-index: 2; max-width: 800px; padding: 80px 0px;\">\n<p><span style=\"display: inline-block; background: #2f8fe0; color: #ffffff; font-size: 13px; font-weight: 600; letter-spacing: 0.5px; padding: 8px 20px; border-radius: 20px; margin-bottom: 18px;\">ESPECIALISTAS EN LOG\u00cdSTICA<\/span><\/p>\n<h1 style=\"color: #ffffff; font-size: 48px; font-weight: 800; line-height: 1.1; margin: 0 0 20px 0;\">Nuestros servicios.<\/h1>\n<p style=\"color: #e8ecf1; font-size: 16px; line-height: 1.6; margin: 0; max-width: 720px;\">Ofrecemos soluciones integrales de transporte internacional dise\u00f1adas para optimizar su cadena de suministro con precisi\u00f3n tecnol\u00f3gica y eficiencia global.<\/p>\n<\/div>\n<p>[\/vc_column_text][\/vc_column][\/vc_row][vc_row full_width=\u00bbstretch_row\u00bb css=\u00bb.vc_custom_1784920109083{background-color: #FFFFFF !important;}\u00bb][vc_column][vc_row_inner][vc_column_inner][vc_column_text css=\u00bb\u00bb]        <div class=\"servicios-grid\">\n                            <div class=\"servicio-card\">\n                    <div class=\"servicio-content\">\n                        <div class=\"servicio-icon\">\n\t\t\t\t\t\t\t\t\t\t\t\t\t\t\t<div class=\"servicio-icon-mask\" style=\"--icon-url: url('https:\/\/www.perkel.com.pe\/portal\/wp-content\/uploads\/2026\/08\/cuaderno.png');\"><\/div>\n\t\t\t\t\t\t\t\t\t\t\t\t\t<\/div>\n                        <h3 class=\"servicio-title\">Agenciamiento de Aduanas<\/h3>\n                        <p class=\"servicio-excerpt\">Gesti\u00f3n experta de tr\u00e1mites aduaneros para importaci\u00f3n, exportaci\u00f3n y tr\u00e1nsito local. Aseguramos el cumplimiento normativo y agilizamos la&hellip;<\/p>\n                        <a class=\"servicio-link\" href=\"https:\/\/www.perkel.com.pe\/portal\/agenciamiento-de-aduanas\/\">\n                            CONOCER M\u00c1S <span class=\"arrow\">\u2192<\/span>\n                        <\/a>\n                    <\/div>\n                    <div class=\"servicio-img\">\n                                                    <img loading=\"lazy\" decoding=\"async\" width=\"330\" height=\"418\" src=\"https:\/\/www.perkel.com.pe\/portal\/wp-content\/uploads\/2026\/08\/agente-aduanas-psg-pe-1.png\" class=\"attachment-medium_large size-medium_large wp-post-image\" alt=\"\" srcset=\"https:\/\/www.perkel.com.pe\/portal\/wp-content\/uploads\/2026\/08\/agente-aduanas-psg-pe-1.png 330w, https:\/\/www.perkel.com.pe\/portal\/wp-content\/uploads\/2026\/08\/agente-aduanas-psg-pe-1-237x300.png 237w, https:\/\/www.perkel.com.pe\/portal\/wp-content\/uploads\/2026\/08\/agente-aduanas-psg-pe-1-59x75.png 59w\" sizes=\"auto, (max-width:767px) 330px, 330px\" \/>                                            <\/div>\n                <\/div>\n                            <div class=\"servicio-card\">\n                    <div class=\"servicio-content\">\n                        <div class=\"servicio-icon\">\n\t\t\t\t\t\t\t\t\t\t\t\t\t\t\t<div class=\"servicio-icon-mask\" style=\"--icon-url: url('https:\/\/www.perkel.com.pe\/portal\/wp-content\/uploads\/2026\/08\/barco-de-carga.png');\"><\/div>\n\t\t\t\t\t\t\t\t\t\t\t\t\t<\/div>\n                        <h3 class=\"servicio-title\">Carga Internacional<\/h3>\n                        <p class=\"servicio-excerpt\">Gesti\u00f3n estrat\u00e9gica de env\u00edos internacionales por v\u00eda mar\u00edtima, a\u00e9rea y terrestre desde cualquier origen.<\/p>\n                        <a class=\"servicio-link\" href=\"https:\/\/www.perkel.com.pe\/portal\/carga-internacional\/\">\n                            CONOCER M\u00c1S <span class=\"arrow\">\u2192<\/span>\n                        <\/a>\n                    <\/div>\n                    <div class=\"servicio-img\">\n                                                    <img loading=\"lazy\" decoding=\"async\" width=\"329\" height=\"418\" src=\"https:\/\/www.perkel.com.pe\/portal\/wp-content\/uploads\/2026\/08\/image-18-2.png\" class=\"attachment-medium_large size-medium_large wp-post-image\" alt=\"\" srcset=\"https:\/\/www.perkel.com.pe\/portal\/wp-content\/uploads\/2026\/08\/image-18-2.png 329w, https:\/\/www.perkel.com.pe\/portal\/wp-content\/uploads\/2026\/08\/image-18-2-236x300.png 236w, https:\/\/www.perkel.com.pe\/portal\/wp-content\/uploads\/2026\/08\/image-18-2-59x75.png 59w\" sizes=\"auto, (max-width:767px) 329px, 329px\" \/>                                            <\/div>\n                <\/div>\n                            <div class=\"servicio-card\">\n                    <div class=\"servicio-content\">\n                        <div class=\"servicio-icon\">\n\t\t\t\t\t\t\t\t\t\t\t\t\t\t\t<div class=\"servicio-icon-mask\" style=\"--icon-url: url('https:\/\/www.perkel.com.pe\/portal\/wp-content\/uploads\/2026\/08\/camion-1.png');\"><\/div>\n\t\t\t\t\t\t\t\t\t\t\t\t\t<\/div>\n                        <h3 class=\"servicio-title\">Transporte Terrestre Local<\/h3>\n                        <p class=\"servicio-excerpt\">Traslado eficiente de mercanc\u00edas mediante flota propia. Distribuci\u00f3n f\u00edsica hasta el destino final con seguimiento en tiempo real.<\/p>\n                        <a class=\"servicio-link\" href=\"https:\/\/www.perkel.com.pe\/portal\/transporte-terrestre-local\/\">\n                            CONOCER M\u00c1S <span class=\"arrow\">\u2192<\/span>\n                        <\/a>\n                    <\/div>\n                    <div class=\"servicio-img\">\n                                                    <img loading=\"lazy\" decoding=\"async\" width=\"328\" height=\"417\" src=\"https:\/\/www.perkel.com.pe\/portal\/wp-content\/uploads\/2026\/08\/image-19-1.png\" class=\"attachment-medium_large size-medium_large wp-post-image\" alt=\"\" srcset=\"https:\/\/www.perkel.com.pe\/portal\/wp-content\/uploads\/2026\/08\/image-19-1.png 328w, https:\/\/www.perkel.com.pe\/portal\/wp-content\/uploads\/2026\/08\/image-19-1-236x300.png 236w, https:\/\/www.perkel.com.pe\/portal\/wp-content\/uploads\/2026\/08\/image-19-1-59x75.png 59w\" sizes=\"auto, (max-width:767px) 328px, 328px\" \/>                                            <\/div>\n                <\/div>\n                            <div class=\"servicio-card\">\n                    <div class=\"servicio-content\">\n                        <div class=\"servicio-icon\">\n\t\t\t\t\t\t\t\t\t\t\t\t\t\t\t<div class=\"servicio-icon-mask\" style=\"--icon-url: url('https:\/\/www.perkel.com.pe\/portal\/wp-content\/uploads\/2026\/08\/proteger-2.png');\"><\/div>\n\t\t\t\t\t\t\t\t\t\t\t\t\t<\/div>\n                        <h3 class=\"servicio-title\">Seguro de Carga<\/h3>\n                        <p class=\"servicio-excerpt\">Protecci\u00f3n integral contra riesgos log\u00edsticos. Cobertura desde el origen hasta el destino final adaptada a su mercanc\u00eda.<\/p>\n                        <a class=\"servicio-link\" href=\"https:\/\/www.perkel.com.pe\/portal\/seguro-de-carga\/\">\n                            CONOCER M\u00c1S <span class=\"arrow\">\u2192<\/span>\n                        <\/a>\n                    <\/div>\n                    <div class=\"servicio-img\">\n                                                    <img loading=\"lazy\" decoding=\"async\" width=\"327\" height=\"417\" src=\"https:\/\/www.perkel.com.pe\/portal\/wp-content\/uploads\/2026\/08\/image-20.png\" class=\"attachment-medium_large size-medium_large wp-post-image\" alt=\"\" srcset=\"https:\/\/www.perkel.com.pe\/portal\/wp-content\/uploads\/2026\/08\/image-20.png 327w, https:\/\/www.perkel.com.pe\/portal\/wp-content\/uploads\/2026\/08\/image-20-235x300.png 235w, https:\/\/www.perkel.com.pe\/portal\/wp-content\/uploads\/2026\/08\/image-20-59x75.png 59w\" sizes=\"auto, (max-width:767px) 327px, 327px\" \/>                                            <\/div>\n                <\/div>\n                            <div class=\"servicio-card\">\n                    <div class=\"servicio-content\">\n                        <div class=\"servicio-icon\">\n\t\t\t\t\t\t\t\t\t\t\t\t\t\t\t<div class=\"servicio-icon-mask\" style=\"--icon-url: url('https:\/\/www.perkel.com.pe\/portal\/wp-content\/uploads\/2026\/08\/almacen-1.png');\"><\/div>\n\t\t\t\t\t\t\t\t\t\t\t\t\t<\/div>\n                        <h3 class=\"servicio-title\">Almac\u00e9n Simple<\/h3>\n                        <p class=\"servicio-excerpt\">Infraestructura adecuada para el almacenamiento de carga general bajo est\u00e1ndares de seguridad y personal calificado.<\/p>\n                        <a class=\"servicio-link\" href=\"https:\/\/www.perkel.com.pe\/portal\/almacen-simple\/\">\n                            CONOCER M\u00c1S <span class=\"arrow\">\u2192<\/span>\n                        <\/a>\n                    <\/div>\n                    <div class=\"servicio-img\">\n                                                    <img loading=\"lazy\" decoding=\"async\" width=\"319\" height=\"418\" src=\"https:\/\/www.perkel.com.pe\/portal\/wp-content\/uploads\/2026\/08\/image-21.png\" class=\"attachment-medium_large size-medium_large wp-post-image\" alt=\"\" srcset=\"https:\/\/www.perkel.com.pe\/portal\/wp-content\/uploads\/2026\/08\/image-21.png 319w, https:\/\/www.perkel.com.pe\/portal\/wp-content\/uploads\/2026\/08\/image-21-229x300.png 229w, https:\/\/www.perkel.com.pe\/portal\/wp-content\/uploads\/2026\/08\/image-21-57x75.png 57w\" sizes=\"auto, (max-width:767px) 319px, 319px\" \/>                                            <\/div>\n                <\/div>\n                            <div class=\"servicio-card\">\n                    <div class=\"servicio-content\">\n                        <div class=\"servicio-icon\">\n\t\t\t\t\t\t\t\t\t\t\t\t\t\t\t<div class=\"servicio-icon-mask\" style=\"--icon-url: url('https:\/\/www.perkel.com.pe\/portal\/wp-content\/uploads\/2026\/08\/operador.png');\"><\/div>\n\t\t\t\t\t\t\t\t\t\t\t\t\t<\/div>\n                        <h3 class=\"servicio-title\">Asesor\u00eda y Consultor\u00eda Personalizada<\/h3>\n                        <p class=\"servicio-excerpt\">Orientaci\u00f3n experta en comercio exterior adaptada a tu negocio. Analizamos tu operaci\u00f3n y te brindamos soluciones personalizadas para&hellip;<\/p>\n                        <a class=\"servicio-link\" href=\"https:\/\/www.perkel.com.pe\/portal\/asesoria-y-consultoria-personalizada\/\">\n                            CONOCER M\u00c1S <span class=\"arrow\">\u2192<\/span>\n                        <\/a>\n                    <\/div>\n                    <div class=\"servicio-img\">\n                                                    <img loading=\"lazy\" decoding=\"async\" width=\"768\" height=\"1029\" src=\"https:\/\/www.perkel.com.pe\/portal\/wp-content\/uploads\/2026\/08\/img-20-768x1029.png\" class=\"attachment-medium_large size-medium_large wp-post-image\" alt=\"\" srcset=\"https:\/\/www.perkel.com.pe\/portal\/wp-content\/uploads\/2026\/08\/img-20-768x1029.png 768w, https:\/\/www.perkel.com.pe\/portal\/wp-content\/uploads\/2026\/08\/img-20-224x300.png 224w, https:\/\/www.perkel.com.pe\/portal\/wp-content\/uploads\/2026\/08\/img-20-765x1024.png 765w, https:\/\/www.perkel.com.pe\/portal\/wp-content\/uploads\/2026\/08\/img-20-56x75.png 56w, https:\/\/www.perkel.com.pe\/portal\/wp-content\/uploads\/2026\/08\/img-20-480x643.png 480w, https:\/\/www.perkel.com.pe\/portal\/wp-content\/uploads\/2026\/08\/img-20.png 896w\" sizes=\"auto, (max-width:767px) 480px, (max-width:768px) 100vw, 768px\" \/>                                            <\/div>\n                <\/div>\n                    <\/div>\n    [\/vc_column_text][\/vc_column_inner][\/vc_row_inner][\/vc_column][\/vc_row][vc_row full_width=\u00bbstretch_row\u00bb css=\u00bb.vc_custom_1787927788992{background-color: #DDDDDD !important;}\u00bb][vc_column][vc_row_inner][vc_column_inner][vc_column_text css=\u00bb\u00bb]<\/p>\n<div style=\"padding: 80px 0px; text-align: center;\">\n<h2 style=\"font-size: 30px; font-weight: 800; color: #000; margin: 0 0 16px 0;\">\u00bfListo para optimizar su log\u00edstica?<\/h2>\n<p style=\"font-size: 15px; line-height: 1.6; color: #111c2d; margin: 0 0 32px 0; max-width: 560px; margin-left: auto; margin-right: auto;\">Cont\u00e1ctenos hoy mismo y reciba una cotizaci\u00f3n personalizada ajustada a las necesidades reales de su carga.<\/p>\n<p><a class=\"cta-btn\" style=\"display: inline-block; background-color: #004c87; color: #ffffff; font-weight: bold; font-size: 16px; padding: 16px 40px; border-radius: 8px; text-decoration: none;\" href=\"https:\/\/www.perkel.com.pe\/portal\/contacto\/\">Cotizar Ahora<\/a><\/p>\n<\/div>\n<p>[\/vc_column_text][\/vc_column_inner][\/vc_row_inner][\/vc_column][\/vc_row]<\/p>\n<\/div>","protected":false},"excerpt":{"rendered":"<p>[vc_row full_width=\u00bbstretch_row\u00bb css=\u00bb.vc_custom_1787926981252{background-image: url(https:\/\/www.perkel.com.pe\/portal\/wp-content\/uploads\/2026\/08\/Container-3.png?id=3895) !important;background-position: center !important;background-repeat: no-repeat !important;background-size: cover !important;}\u00bb][vc_column][vc_column_text css=\u00bb\u00bb] ESPECIALISTAS EN<span class=\"excerpt-hellip\"> [\u2026]<\/span><\/p>\n","protected":false},"author":1,"featured_media":-1,"parent":0,"menu_order":0,"comment_status":"closed","ping_status":"closed","template":"","meta":{"footnotes":""},"class_list":["post-2890","page","type-page","status-publish","has-post-thumbnail","hentry"],"rttpg_featured_image_url":null,"rttpg_author":{"display_name":"control","author_link":"https:\/\/www.perkel.com.pe\/portal\/author\/control\/"},"rttpg_comment":0,"rttpg_category":"","rttpg_excerpt":"[vc_row full_width=\u00bbstretch_row\u00bb css=\u00bb.vc_custom_1787926981252{background-image: url(https:\/\/www.perkel.com.pe\/portal\/wp-content\/uploads\/2026\/08\/Container-3.png?id=3895) !important;background-position: center !important;background-repeat: no-repeat !important;background-size: cover !important;}\u00bb][vc_column][vc_column_text css=\u00bb\u00bb] ESPECIALISTAS EN [\u2026]","_links":{"self":[{"href":"https:\/\/www.perkel.com.pe\/portal\/wp-json\/wp\/v2\/pages\/2890","targetHints":{"allow":["GET"]}}],"collection":[{"href":"https:\/\/www.perkel.com.pe\/portal\/wp-json\/wp\/v2\/pages"}],"about":[{"href":"https:\/\/www.perkel.com.pe\/portal\/wp-json\/wp\/v2\/types\/page"}],"author":[{"embeddable":true,"href":"https:\/\/www.perkel.com.pe\/portal\/wp-json\/wp\/v2\/users\/1"}],"replies":[{"embeddable":true,"href":"https:\/\/www.perkel.com.pe\/portal\/wp-json\/wp\/v2\/comments?post=2890"}],"version-history":[{"count":55,"href":"https:\/\/www.perkel.com.pe\/portal\/wp-json\/wp\/v2\/pages\/2890\/revisions"}],"predecessor-version":[{"id":4096,"href":"https:\/\/www.perkel.com.pe\/portal\/wp-json\/wp\/v2\/pages\/2890\/revisions\/4096"}],"wp:featuredmedia":[{"embeddable":true,"href":"https:\/\/www.perkel.com.pe\/portal\/wp-json\/"}],"wp:attachment":[{"href":"https:\/\/www.perkel.com.pe\/portal\/wp-json\/wp\/v2\/media?parent=2890"}],"curies":[{"name":"wp","href":"https:\/\/api.w.org\/{rel}","templated":true}]}}